{"id":44,"date":"2014-01-29T08:36:22","date_gmt":"2014-01-29T07:36:22","guid":{"rendered":"http:\/\/obispadodeourense.com\/blog\/?page_id=44"},"modified":"2022-12-14T14:49:02","modified_gmt":"2022-12-14T13:49:02","slug":"materiales","status":"publish","type":"page","link":"https:\/\/obispadodeourense.com\/blog\/materiales\/","title":{"rendered":"Materiales"},"content":{"rendered":"<table style=\"border-collapse: collapse; width: 100%;\" border=\"1\">\n<tbody>\n<tr>\n<td style=\"width: 25%;\"><a href=\"http:\/\/obispadodeourense.com\/blog\/rgpd\/\"><img loading=\"lazy\" decoding=\"async\" class=\"size-full wp-image-956 aligncenter\" style=\"font-size: 16px;\" src=\"http:\/\/obispadodeourense.com\/blog\/wp-content\/uploads\/2018\/11\/carpeta.jpg\" alt=\"\" width=\"96\" height=\"112\" \/><\/a><\/td>\n<td style=\"width: 25%;\"><a href=\"http:\/\/obispadodeourense.com\/blog\/formacion-permanente\/\"><img loading=\"lazy\" decoding=\"async\" class=\"size-full wp-image-956 aligncenter\" style=\"font-size: 16px;\" src=\"http:\/\/obispadodeourense.com\/blog\/wp-content\/uploads\/2018\/11\/carpeta.jpg\" alt=\"\" width=\"96\" height=\"112\" \/><\/a><\/td>\n<td style=\"width: 25%;\"><a href=\"http:\/\/obispadodeourense.com\/blog\/grupos-biblicos\/\"><img loading=\"lazy\" decoding=\"async\" class=\"aligncenter wp-image-956 size-full\" style=\"font-size: 16px;\" src=\"http:\/\/obispadodeourense.com\/blog\/wp-content\/uploads\/2018\/11\/carpeta.jpg\" alt=\"\" width=\"96\" height=\"112\" \/><\/a><\/td>\n<td style=\"width: 25%;\"><a href=\"https:\/\/obispadodeourense.com\/blog\/materiales\/delegacion-de-economia\/\"><img loading=\"lazy\" decoding=\"async\" class=\"aligncenter wp-image-956 size-full\" style=\"font-size: 16px;\" src=\"http:\/\/obispadodeourense.com\/blog\/wp-content\/uploads\/2018\/11\/carpeta.jpg\" alt=\"\" width=\"96\" height=\"112\" \/><\/a><\/td>\n<\/tr>\n<tr>\n<td style=\"width: 25%; text-align: center;\">Formularios sobre el Reglamento General sobre Protecci\u00f3n de Datos<\/td>\n<td style=\"width: 25%; text-align: center;\">Formaci\u00f3n Permanente del clero<\/td>\n<td style=\"width: 25%; text-align: center;\">\n<p>Grupos B\u00edblicos<\/p>\n<\/td>\n<td style=\"width: 25%; text-align: center;\">Material Delegaci\u00f3n de Econom\u00eda<\/td>\n<\/tr>\n<tr>\n<td style=\"width: 25%;\"><a href=\"http:\/\/obispadodeourense.com\/blog\/uaps\"><img loading=\"lazy\" decoding=\"async\" class=\"size-full wp-image-956 aligncenter\" style=\"font-size: 16px;\" src=\"http:\/\/obispadodeourense.com\/blog\/wp-content\/uploads\/2018\/11\/carpeta.jpg\" alt=\"\" width=\"96\" height=\"112\" \/><\/a><\/td>\n<td style=\"width: 25%;\"><a href=\"http:\/\/obispadodeourense.com\/blog\/mapas\"><img loading=\"lazy\" decoding=\"async\" class=\"size-full wp-image-956 aligncenter\" style=\"font-size: 16px;\" src=\"http:\/\/obispadodeourense.com\/blog\/wp-content\/uploads\/2018\/11\/carpeta.jpg\" alt=\"\" width=\"96\" height=\"112\" \/><\/a><\/td>\n<td style=\"width: 25%; text-align: center;\">\u00a0<\/td>\n<td style=\"width: 25%; text-align: center;\">\u00a0<\/td>\n<\/tr>\n<tr>\n<td style=\"width: 25%; text-align: center;\">Unidades de Atenci\u00f3n Parroquial (UaPs)<\/td>\n<td style=\"width: 25%; text-align: center;\">Mapas de la Di\u00f3cesis y de los Arciprestazgos<\/td>\n<td style=\"width: 25%;\">\u00a0<\/td>\n<td style=\"width: 25%;\">\u00a0<\/td>\n<\/tr>\n<\/tbody>\n<\/table>\n<ul>\n<li><strong>Cuaresma 2021<\/strong>\n<ul>\n<li><a href=\"http:\/\/obispadodeourense.com\/blog\/wp-content\/uploads\/2021\/02\/Cuaresma_Pascua-21-Cast.pdf\" target=\"_blank\" rel=\"noopener\">Material castellano<\/a><\/li>\n<li><a href=\"http:\/\/obispadodeourense.com\/blog\/wp-content\/uploads\/2021\/02\/Coresma_Pascua-21-Gal.pdf\" target=\"_blank\" rel=\"noopener\">Material gallego<\/a><\/li>\n<\/ul>\n<\/li>\n<li>Jornada de la Sagrada Familia 2020<br \/><a href=\"http:\/\/obispadodeourense.com\/blog\/wp-content\/uploads\/2020\/12\/cartelrivadavia-scaled.jpg\" target=\"_blank\" rel=\"noopener noreferrer\">Cartel Ribadavia<\/a> | <a href=\"http:\/\/obispadodeourense.com\/blog\/wp-content\/uploads\/2020\/12\/carteldiocesis-scaled.jpg\" target=\"_blank\" rel=\"noopener noreferrer\">Cartel Di\u00f3cesis<\/a> | <a href=\"http:\/\/obispadodeourense.com\/blog\/wp-content\/uploads\/2020\/12\/Sagrada-Familia-Estampa-Gallego-2020.pdf\" target=\"_blank\" rel=\"noopener noreferrer\">Oraci\u00f3n por los mayores<\/a>| <a href=\"http:\/\/obispadodeourense.com\/blog\/wp-content\/uploads\/2020\/12\/Sagrada-Familia-Nota-Obispos-2020.pdf\" target=\"_blank\" rel=\"noopener noreferrer\">Nota de los Obispos<\/a> | <a href=\"http:\/\/obispadodeourense.com\/blog\/wp-content\/uploads\/2020\/12\/Sagrada-Familia-Subsidio-2020.pdf\" target=\"_blank\" rel=\"noopener noreferrer\">Subsidio lit\u00fargico<\/a><\/li>\n<li><a href=\"http:\/\/obispadodeourense.com\/blog\/wp-content\/uploads\/2020\/11\/guion-completo.pdf\" target=\"_blank\" rel=\"noopener noreferrer\">Gui\u00f3n para orar en familia &#8211; Adviento y Navidad 2020<\/a><\/li>\n<li>Recursos para la oraci\u00f3n con motivo de <strong>Todos los Santos<\/strong> y <strong>Fieles Difuntos<\/strong> 2020\n<ul>\n<li>Para orar en familia (<a href=\"http:\/\/obispadodeourense.com\/blog\/wp-content\/uploads\/2020\/10\/PARAORARENFAMILIACASTELLANO.pdf\" target=\"_blank\" rel=\"noopener noreferrer\">castellano<\/a> | <a href=\"http:\/\/obispadodeourense.com\/blog\/wp-content\/uploads\/2020\/10\/REZARENFAMILIAGALEGO.pdf\" target=\"_blank\" rel=\"noopener noreferrer\">galego<\/a>)<\/li>\n<li>Responso (<a href=\"http:\/\/obispadodeourense.com\/blog\/wp-content\/uploads\/2020\/10\/RESPONSOCASTELLANO.pdf\" target=\"_blank\" rel=\"noopener noreferrer\">castellano<\/a> | <a href=\"http:\/\/obispadodeourense.com\/blog\/wp-content\/uploads\/2020\/10\/RESPONSOGALEGO.pdf\" target=\"_blank\" rel=\"noopener noreferrer\">galego<\/a>)<\/li>\n<\/ul>\n<\/li>\n<li><a href=\"https:\/\/obispadodeourense.com\/blog\/material-accion-catolica-2020\/\">Material D\u00eda de la Acci\u00f3n Cat\u00f3lica y del Apostolado Seglar 2020<\/a><\/li>\n<li>Material para la celebraci\u00f3n de la Sagrada Familia (29.12.2019)\n<ul>\n<li>Cartel <a href=\"http:\/\/obispadodeourense.com\/blog\/wp-content\/uploads\/2019\/12\/2019-Cartel-Jornada-Sagrada-Familia.jpg\" target=\"_blank\" rel=\"noopener noreferrer\">Descargar &gt;&gt;<\/a><\/li>\n<li>Informaci\u00f3n <a href=\"http:\/\/obispadodeourense.com\/blog\/wp-content\/uploads\/2019\/12\/2019-CEAS-familia-vida-jornada-sagrada-familia-cuatriptico.pdf\" target=\"_blank\" rel=\"noopener noreferrer\">Descargar &gt;&gt;<\/a><\/li>\n<li>Subsidio lit\u00fargico <a href=\"http:\/\/obispadodeourense.com\/blog\/wp-content\/uploads\/2019\/12\/Subsidio-lit\u00fargico-2019.pdf\" target=\"_blank\" rel=\"noopener noreferrer\">Descargar &gt;&gt;<\/a><\/li>\n<\/ul>\n<\/li>\n<li>Material de la Delegaci\u00f3n de Familia para la JORNADA POR LA VIDA 2019<\/li>\n<\/ul>\n<ul>\n<li style=\"list-style-type: none;\">\n<ul>\n<li>Nota Obispos <a href=\"http:\/\/obispadodeourense.com\/blog\/wp-content\/uploads\/2019\/03\/2019_Jornada-por-la-Vida_Nota-Obispos.pdf\" target=\"_blank\" rel=\"noopener noreferrer\">Descargar &gt;&gt;<\/a><\/li>\n<li>Subsidio lit\u00fargico <a href=\"http:\/\/obispadodeourense.com\/blog\/wp-content\/uploads\/2019\/03\/2019_Jornada-por-la-Vida_Subsidio.pdf\" target=\"_blank\" rel=\"noopener noreferrer\">Descargar &gt;&gt;<\/a><\/li>\n<li>Cartel <a href=\"http:\/\/obispadodeourense.com\/blog\/wp-content\/uploads\/2019\/03\/Vida-2019.jpg\" target=\"_blank\" rel=\"noopener noreferrer\">Descargar &gt;&gt;<\/a><\/li>\n<\/ul>\n<\/li>\n<li>Diaconado permanente <a href=\"http:\/\/obispadodeourense.com\/blog\/wp-content\/uploads\/2019\/03\/Tr\u00edptico-Diaconado-permanente.pdf\" target=\"_blank\" rel=\"noopener noreferrer\">TR\u00cdPTICO<\/a> | <a href=\"http:\/\/obispadodeourense.com\/blog\/wp-content\/uploads\/2019\/03\/Catequesis-Diaconado-Permanente.pdf\" target=\"_blank\" rel=\"noopener noreferrer\">CATEQUESIS<\/a>.<\/li>\n<li>Charlas Cuaresmales 2019<br \/><a href=\"http:\/\/obispadodeourense.com\/blog\/wp-content\/uploads\/2019\/03\/cuaresma2019charlas.pdf\">Descargar &gt;&gt;<\/a><br \/>Otros a\u00f1os:<br \/>&#8211; 2016 &#8211;\u00a0<a href=\"http:\/\/www.obisdocourense.es\/iglesia\/2016\/charlascuaresma2016.pdf\" target=\"_blank\" rel=\"noopener noreferrer\">Descargar &gt;&gt;<\/a><br \/>&#8211; 2015 &#8211; <a href=\"http:\/\/www.obisdocourense.es\/iglesia\/2015\/cuaresmacharlas.pdf\" target=\"_blank\" rel=\"noopener noreferrer\">Descargar &gt;&gt;<\/a><br \/>&#8211; 2014 &#8211; <a href=\"http:\/\/www.obisdocourense.es\/iglesia\/2014charlascuaresma.pdf\" target=\"_blank\" rel=\"noopener noreferrer\">Descargar &gt;&gt;<\/a><\/li>\n<li>Homil\u00edas para los domingos de Adviento y Navidad 2018 elaboradas por el Delegado Episcopal de Liturgia, D. Ramiro Gonz\u00e1lez Cougil<br \/><a href=\"http:\/\/obispadodeourense.com\/blog\/wp-content\/uploads\/2018\/11\/homiliasadviento2018-1.pdf\" target=\"_blank\" rel=\"noopener noreferrer\">Descargar &gt;&gt;<\/a><\/li>\n<li>Folleto para oraci\u00f3n en la visita a cementerios 2018<br \/><a href=\"http:\/\/obispadodeourense.com\/blog\/wp-content\/uploads\/2018\/11\/OracionEnCementerios.pdf\">Descargar &gt;&gt;<\/a><\/li>\n<li>Catequesis sobre el A\u00f1o de la Misericordia<br \/><a href=\"http:\/\/www.obisdocourense.es\/iglesia\/2015\/catequesisanhomisericordia.pdf\" target=\"_blank\" rel=\"noopener noreferrer\">Descargar &gt;&gt;<\/a><\/li>\n<li>Di\u00e1logo fe-ciencia I (<em>manifiesto \u00abPor una educaci\u00f3n libre de dogmas y contradicciones\u00bb<\/em>)<br \/><a href=\"http:\/\/www.obisdocourense.es\/iglesia\/2015\/manifiesto.pdf\" target=\"_blank\" rel=\"noopener noreferrer\">Descargar &gt;&gt;<\/a><\/li>\n<li>Di\u00e1logo fe-ciencia II (<em>respuesta de profesores al manifiesto)<br \/><\/em><a href=\"http:\/\/www.obisdocourense.es\/iglesia\/2015\/respuestamanifiesto.pdf\" target=\"_blank\" rel=\"noopener noreferrer\">Descargar &gt;&gt;<\/a><\/li>\n<li>Tema de la XII Semana de la Familia<br \/><a href=\"http:\/\/www.obisdocourense.es\/iglesia\/2015\/temasemanafamilia2015.pdf\" target=\"_blank\" rel=\"noopener noreferrer\">Descargar &gt;&gt;<\/a><\/li>\n<li>Eucarist\u00eda de clausura dela XII Semana de la Familia<br \/><a href=\"http:\/\/www.obisdocourense.es\/iglesia\/2015\/eucaristiaXIISF.pdf\" target=\"_blank\" rel=\"noopener noreferrer\">Descargar &gt;&gt;<\/a><\/li>\n<li>Folleto \u00abLa Piedad popular en el siglo XXI\u00bb<br \/><a href=\"http:\/\/www.obisdocourense.es\/iglesia\/2015\/piedadpopular.pdf\" target=\"_blank\" rel=\"noopener noreferrer\">Descargar &gt;&gt;<\/a><\/li>\n<li>Catequesis sobre el A\u00f1o Jubilar Mariano<br \/><a href=\"http:\/\/www.obisdocourense.es\/iglesia\/2015\/catequesisanojubilar.pdf\" target=\"_blank\" rel=\"noopener noreferrer\">Descargar &gt;&gt;<\/a><\/li>\n<li>Power Point \u00abLa Homil\u00eda en la Evangelii Gaudium\u00bb<br \/><a href=\"http:\/\/www.obisdocourense.es\/iglesia\/2014\/homilia_eg.pptx\" target=\"_blank\" rel=\"noopener noreferrer\">Descargar &gt;&gt;<\/a><\/li>\n<li>Explicaciones al power Point \u00abLa Homil\u00eda en la Evangelii Gaudim\u00bb<br \/><a href=\"http:\/\/www.obisdocourense.es\/iglesia\/2014\/homilia_eg.pdf\" target=\"_blank\" rel=\"noopener noreferrer\">Descargar &gt;&gt;<\/a><\/li>\n<li>Tr\u00edptico Encuentros de Padres 2014<br \/><a href=\"http:\/\/www.obisdocourense.es\/iglesia\/2014\/encuentropadres1415.pdf\" target=\"_blank\" rel=\"noopener noreferrer\">Descargar &gt;&gt;<\/a><\/li>\n<li>Conferencia de la Jornada de Pastoral Familiar. \u00abLa familia hoy: retos y respuestas\u00bb.<br \/><a href=\"http:\/\/www.obisdocourense.es\/iglesia\/2014\/familiaretos.pdf\" target=\"_blank\" rel=\"noopener noreferrer\">Descargar &gt;&gt;<\/a><\/li>\n<li>\u00abInstrumentum laboris\u00bb S\u00ednodo de la Familia 2014<br \/><a href=\"http:\/\/www.obisdocourense.es\/iglesia\/2014\/instrumentun_laboris.pdf\" target=\"_blank\" rel=\"noopener noreferrer\">Descargar &gt;&gt;<\/a><\/li>\n<li>\u00abEn la ruta del Evangelio\u00bb Ponencia de las Jornadas de Programaci\u00f3n Pastoral curso 2014-2015.<br \/><a href=\"http:\/\/www.obisdocourense.es\/iglesia\/2014\/2014rutaevangelio.pdf\" target=\"_blank\" rel=\"noopener noreferrer\">Descargar&gt;&gt;<\/a><\/li>\n<li>Novena en honor a Nuestra Se\u00f1ora de Los Milagros 2014.<br \/><a href=\"http:\/\/www.obisdocourense.es\/iglesia\/2014\/2014novenamilagros.pdf\" target=\"_blank\" rel=\"noopener noreferrer\">Descargar &gt;&gt;<\/a><\/li>\n<li>Encuentros de preparaci\u00f3n prebautismal.<br \/><a href=\"http:\/\/www.obisdocourense.es\/iglesia\/2014materiales_encuentros_prebautismales.pdf\" target=\"_blank\" rel=\"noopener noreferrer\">Descargar &gt;&gt;<\/a><\/li>\n<li>Acogida de padres que solicitan el Bautismo para sus hijos.<br \/><a href=\"http:\/\/www.obisdocourense.es\/iglesia\/2014acogida_padres_bautismo.pdf\" target=\"_blank\" rel=\"noopener noreferrer\">Descargar &gt;&gt;<\/a><\/li>\n<li>Carta Pastoral de los Obispos de Galicia con motivo\u00a0de la celebraci\u00f3n de la Jornada Interdiocesana de Ense\u00f1anza Religiosa Escolar.<br \/><a href=\"http:\/\/www.obisdocourense.es\/obispo\/2014\/cartaobispos_ere2014.pdf\" target=\"_blank\" rel=\"noopener noreferrer\">Descargar &gt;&gt;<\/a><\/li>\n<li>Celebraci\u00f3n del Sacramento de la Confimaci\u00f3n 2014 (galego)<br \/><a href=\"http:\/\/www.obisdocourense.es\/iglesia\/2014confirmaciones_ga.pdf\" target=\"_blank\" rel=\"noopener noreferrer\">Descargar &gt;&gt;<\/a><\/li>\n<li>Celebraci\u00f3n del Sacramento de la Confirmaci\u00f3n 2014 (castellano)<br \/><a href=\"http:\/\/www.obisdocourense.es\/iglesia\/2014confirmaciones_cas.pdf\" target=\"_blank\" rel=\"noopener noreferrer\">Descargar &gt;&gt;<\/a><\/li>\n<li>Cartel campa\u00f1a asignatura de Religi\u00f3n 2014<br \/><a href=\"http:\/\/www.conferenciaepiscopal.es\/images\/stories\/Jornadas\/2014\/ClaseReligionCartel.jpg\" target=\"_blank\" rel=\"noopener noreferrer\">Descargar &gt;&gt;<\/a><\/li>\n<li>D\u00edptico campa\u00f1a asignatura de Religi\u00f3n 2014<br \/><a href=\"http:\/\/www.conferenciaepiscopal.es\/images\/stories\/Jornadas\/2014\/ClaseReligionDiptico.pdf\" target=\"_blank\" rel=\"noopener noreferrer\">Descargar &gt;&gt;<\/a><\/li>\n<li>V\u00eddeo de la Di\u00f3cesis de Logro\u00f1o campa\u00f1a asignatura Religi\u00f3n 2014<br \/><a href=\"http:\/\/enraiza2.blogspot.com.es\/\" target=\"_blank\" rel=\"noopener noreferrer\">Ver &gt;&gt;<\/a><\/li>\n<li>Cartel \u00abXI Semana de la Familia 2014\u00bb<br \/><a href=\"http:\/\/www.obisdocourense.es\/iglesia\/20140331cartel_sf_2014.pdf\" target=\"_blank\" rel=\"noopener noreferrer\">Descargar &gt;&gt;<\/a><\/li>\n<li>Tema de la \u00abXI Semana de la Familia 2014\u00bb:<br \/>\u00abFamilia Evangelizada Familia Evangelizadora.\u00bb<br \/><a href=\"http:\/\/www.obisdocourense.es\/iglesia\/20140331tema_semana_familia_2014.pdf\" target=\"_blank\" rel=\"noopener noreferrer\">Descargar &gt;&gt;<\/a><\/li>\n<li>Gui\u00f3n para la celebraci\u00f3n de la Eucarist\u00eda del Domingo 6 en la \u00abXI Semana de la Familia\u00bb.<br \/><a href=\"http:\/\/www.obisdocourense.es\/iglesia\/20140331guion_para_eucaristia.pdf\" target=\"_blank\" rel=\"noopener noreferrer\">Descargar &gt;&gt;<\/a><\/li>\n<li>\u201cCompartir la alegr\u00eda del Evangelio.\u201d Sugerencias para la reflexi\u00f3n personal y el di\u00e1logo en grupo sobre la exhortaci\u00f3n apost\u00f3lica del Papa Francisco.<br \/><a href=\"http:\/\/www.obisdocourense.es\/iglesia\/20140306compartir.pdf\" target=\"_blank\" rel=\"noopener noreferrer\">Descargar &gt;&gt;<\/a><\/li>\n<li>Recopilaci\u00f3n de Via Crucis.<br \/><a href=\"http:\/\/www.obisdocourense.es\/iglesia\/2014viacrucis.pdf\" target=\"_blank\" rel=\"noopener noreferrer\">Descargar &gt;&gt;<\/a><\/li>\n<li>Cursillo de Pastoral Vocacional.\u00a0Monse\u00f1or Josep \u00c0ngel S\u00e1iz Meneses en las Jornadas de Pastoral Vocacional en Ourense.<br \/><a href=\"http:\/\/www.obisdocourense.es\/iglesia\/20140222cursilloi.pdf\" target=\"_blank\" rel=\"noopener noreferrer\">Descargar parte 1 \u00abFundamento y principios\u00bb &gt;&gt;<\/a><br \/><a href=\"http:\/\/www.obisdocourense.es\/iglesia\/20140222cursilloii.pdf\" target=\"_blank\" rel=\"noopener noreferrer\">Descargar parte 2 \u00abActitudes, lugares y clima\u00bb &gt;&gt;<\/a><\/li>\n<li>\u00abCultura Vocacional y Pastoral Vocacional\u00bb Conferencia de\u00a0Monse\u00f1or Josep \u00c0ngel S\u00e1iz Meneses en las Jornadas de Pastoral Vocacional en Ourense.<br \/><a href=\"http:\/\/www.obisdocourense.es\/iglesia\/20140221vocacional.pdf\" target=\"_blank\" rel=\"noopener noreferrer\">Descargar &gt;&gt;<\/a><\/li>\n<li>Carta del Papa Francisco a las familias.<br \/><a href=\"http:\/\/www.vatican.va\/holy_father\/francesco\/letters\/2014\/documents\/papa-francesco_20140202_lettera-alle-famiglie_sp.html\" target=\"_blank\" rel=\"noopener noreferrer\">Descargar &gt;&gt;<\/a><\/li>\n<li>Mensaje del Santo Padre Francisco para la XXIX Jornada Mundial de la Juventud.<br \/><a href=\"http:\/\/www.vatican.va\/holy_father\/francesco\/messages\/youth\/documents\/papa-francesco_20140121_messaggio-giovani_2014_sp.html\" target=\"_blank\" rel=\"noopener noreferrer\">Descargar &gt;&gt;<\/a><\/li>\n<li>Exhortaci\u00f3n Apost\u00f3lica \u201cEvangelii Gaudium\u201d (La alegr\u00eda del Evangelio) del Papa Francisco.<br \/><a title=\"Evangelii Gaudium\" href=\"http:\/\/www.vatican.va\/holy_father\/francesco\/apost_exhortations\/documents\/papa-francesco_esortazione-ap_20131124_evangelii-gaudium_sp.html#\" target=\"_blank\" rel=\"noopener noreferrer\">Descargar &gt;&gt;<\/a><\/li>\n<\/ul>\n\n\n<div class=\"wp-block-file\"><a href=\"http:\/\/obispadodeourense.com\/blog\/wp-content\/uploads\/2019\/03\/Tr\u00edptico-Diaconado-permanente.pdf\">Tr\u00edptico Diaconado permanente<\/a><a href=\"http:\/\/obispadodeourense.com\/blog\/wp-content\/uploads\/2019\/03\/Tr\u00edptico-Diaconado-permanente.pdf\" class=\"wp-block-file__button\" download>Descargar<\/a><\/div>\n","protected":false},"excerpt":{"rendered":"<p>Formularios sobre el Reglamento General sobre Protecci\u00f3n de Datos Formaci\u00f3n Permanente del clero Grupos B\u00edblicos Material Delegaci\u00f3n de Econom\u00eda \u00a0 \u00a0 Unidades de Atenci\u00f3n Parroquial (UaPs) Mapas de la Di\u00f3cesis y de los Arciprestazgos \u00a0 \u00a0 Cuaresma 2021 Material castellano Material gallego Jornada de la Sagrada Familia 2020Cartel Ribadavia | Cartel Di\u00f3cesis | Oraci\u00f3n por [&hellip;]<\/p>\n","protected":false},"author":1,"featured_media":874,"parent":0,"menu_order":0,"comment_status":"closed","ping_status":"closed","template":"","meta":{"footnotes":""},"class_list":["post-44","page","type-page","status-publish","has-post-thumbnail","czr-hentry"],"_links":{"self":[{"href":"https:\/\/obispadodeourense.com\/blog\/wp-json\/wp\/v2\/pages\/44","targetHints":{"allow":["GET"]}}],"collection":[{"href":"https:\/\/obispadodeourense.com\/blog\/wp-json\/wp\/v2\/pages"}],"about":[{"href":"https:\/\/obispadodeourense.com\/blog\/wp-json\/wp\/v2\/types\/page"}],"author":[{"embeddable":true,"href":"https:\/\/obispadodeourense.com\/blog\/wp-json\/wp\/v2\/users\/1"}],"replies":[{"embeddable":true,"href":"https:\/\/obispadodeourense.com\/blog\/wp-json\/wp\/v2\/comments?post=44"}],"version-history":[{"count":82,"href":"https:\/\/obispadodeourense.com\/blog\/wp-json\/wp\/v2\/pages\/44\/revisions"}],"predecessor-version":[{"id":1701,"href":"https:\/\/obispadodeourense.com\/blog\/wp-json\/wp\/v2\/pages\/44\/revisions\/1701"}],"wp:featuredmedia":[{"embeddable":true,"href":"https:\/\/obispadodeourense.com\/blog\/wp-json\/wp\/v2\/media\/874"}],"wp:attachment":[{"href":"https:\/\/obispadodeourense.com\/blog\/wp-json\/wp\/v2\/media?parent=44"}],"curies":[{"name":"wp","href":"https:\/\/api.w.org\/{rel}","templated":true}]}}